{"id":225,"date":"2025-10-27T16:21:53","date_gmt":"2025-10-27T16:21:53","guid":{"rendered":"https:\/\/incuba.azores.gov.pt\/ForumAPR2025\/?post_type=orador&#038;p=225"},"modified":"2025-10-27T18:21:46","modified_gmt":"2025-10-27T18:21:46","slug":"flavio-tiago","status":"publish","type":"orador","link":"https:\/\/incuba.azores.gov.pt\/ForumAPR2025\/orador\/flavio-tiago\/","title":{"rendered":"Fl\u00e1vio Tiago"},"content":{"rendered":"<p>Fl\u00e1vio Tiago \u00e9 Professor Associado com Agrega\u00e7\u00e3o na Universidade dos A\u00e7ores, institui\u00e7\u00e3o na qual exerce fun\u00e7\u00f5es docentes desde 2006. Doutorado em Ci\u00eancias Econ\u00f3micas e Empresariais pela Universidade dos A\u00e7ores, completou a sua agrega\u00e7\u00e3o no ISEG \u2013 Universidade de Lisboa em 2019. \u00c9 investigador no centro ADVANCE (ISEG\/ULisboa) e no CEEAplA \u2013 Centro de Estudos de Economia Aplicada do Atl\u00e2ntico (UAc).<\/p>\n<p>Entre 2022 e 2025 foi Diretor Regional de Ci\u00eancia, Inova\u00e7\u00e3o e Desenvolvimento e Diretor Regional da Ci\u00eancia e Tecnologia no Governo dos A\u00e7ores. Foi ainda Presidente fundador do Conselho de Administra\u00e7\u00e3o do NONAGON \u2013 Parque de Ci\u00eancia e Tecnologia de S\u00e3o Miguel, mantendo hoje liga\u00e7\u00e3o \u00e0 institui\u00e7\u00e3o como Presidente da Mesa da Assembleia Geral. Exerce igualmente fun\u00e7\u00f5es como Presidente n\u00e3o executivo do Conselho de Administra\u00e7\u00e3o do PCTTER \u2013 Parque de Ci\u00eancia e Tecnologia da Ilha Terceira e \u00e9 membro n\u00e3o executivo do Board of Directors do AIR Centre \u2013 Atlantic International Research Centre.<\/p>\n<p>Economista conselheiro na Ordem dos Economistas, foi Presidente da Dire\u00e7\u00e3o da Delega\u00e7\u00e3o Regional dos A\u00e7ores (2018\u20132021) e membro da Assembleia Representativa (2016\u20132018). Ao longo da sua carreira, tem desenvolvido uma intensa atividade cient\u00edfica, com publica\u00e7\u00f5es em revistas internacionais de refer\u00eancia, al\u00e9m de participa\u00e7\u00e3o em projetos nacionais e internacionais focados na inova\u00e7\u00e3o, na sustentabilidade e no desenvolvimento regional. \u00c9 ainda presen\u00e7a regular como mentor, jurado e orador em iniciativas promovidas por entidades p\u00fablicas e privadas em Portugal e no estrangeiro.<\/p>\n","protected":false},"featured_media":236,"parent":0,"template":"","meta":{"_acf_changed":false},"forum":[2],"class_list":["post-225","orador","type-orador","status-publish","has-post-thumbnail","hentry"],"acf":[],"_links":{"self":[{"href":"https:\/\/incuba.azores.gov.pt\/ForumAPR2025\/wp-json\/wp\/v2\/orador\/225","targetHints":{"allow":["GET"]}}],"collection":[{"href":"https:\/\/incuba.azores.gov.pt\/ForumAPR2025\/wp-json\/wp\/v2\/orador"}],"about":[{"href":"https:\/\/incuba.azores.gov.pt\/ForumAPR2025\/wp-json\/wp\/v2\/types\/orador"}],"wp:featuredmedia":[{"embeddable":true,"href":"https:\/\/incuba.azores.gov.pt\/ForumAPR2025\/wp-json\/wp\/v2\/media\/236"}],"wp:attachment":[{"href":"https:\/\/incuba.azores.gov.pt\/ForumAPR2025\/wp-json\/wp\/v2\/media?parent=225"}],"wp:term":[{"taxonomy":"forum","embeddable":true,"href":"https:\/\/incuba.azores.gov.pt\/ForumAPR2025\/wp-json\/wp\/v2\/forum?post=225"}],"curies":[{"name":"wp","href":"https:\/\/api.w.org\/{rel}","templated":true}]}}